{"id":5476,"date":"2024-04-02T17:55:39","date_gmt":"2024-04-02T15:55:39","guid":{"rendered":"https:\/\/khgkoeln.de\/?page_id=5476"},"modified":"2024-04-03T00:55:26","modified_gmt":"2024-04-02T22:55:26","slug":"rat-hilfe","status":"publish","type":"page","link":"https:\/\/khgkoeln.de\/en\/rat-hilfe\/","title":{"rendered":"Advice &amp; Help"},"content":{"rendered":"<div class=\"wp-block-query is-layout-flow wp-block-query-is-layout-flow\"><ul class=\"wp-block-post-template is-layout-flow wp-block-post-template-is-layout-flow\"><li class=\"wp-block-post post-2300 post type-post status-publish format-standard hentry category-beitrag category-rat-hilfe-beitrag\">\n\n<div class=\"wp-block-columns alignwide blocklist helltuerkis is-layout-flex wp-container-core-columns-is-layout-9d6595d7 wp-block-columns-is-layout-flex\">\n<div class=\"wp-block-column is-layout-flow wp-block-column-is-layout-flow\" style=\"flex-basis:75%\"><h2 class=\"wp-block-post-title\"><a href=\"https:\/\/khgkoeln.de\/en\/psychologische-beratung\/\" target=\"_self\" >Pyschological Advisor<\/a><\/h2>\n\n<div class=\"wp-block-post-excerpt\"><p class=\"wp-block-post-excerpt__excerpt\">Krisen \u2013 ob gro\u00df oder klein \u2013 geh\u00f6ren unvermeidbar zu unserem Leben dazu. Im R\u00fcckblick sind dies oft die Situationen, an denen wir gewachsen sind<\/p><p class=\"wp-block-post-excerpt__more-text\"><a class=\"wp-block-post-excerpt__more-link\" href=\"https:\/\/khgkoeln.de\/en\/psychologische-beratung\/\"><br>&gt; Weiterlesen<\/a><\/p><\/div><\/div>\n<\/div>\n\n<\/li><li class=\"wp-block-post post-1818 post type-post status-publish format-standard has-post-thumbnail hentry category-beitrag category-rat-hilfe-beitrag\">\n\n<div class=\"wp-block-columns alignwide blocklist helltuerkis is-layout-flex wp-container-core-columns-is-layout-9d6595d7 wp-block-columns-is-layout-flex\">\n<div class=\"wp-block-column is-layout-flow wp-block-column-is-layout-flow\" style=\"flex-basis:75%\"><h2 class=\"wp-block-post-title\"><a href=\"https:\/\/khgkoeln.de\/en\/soziale-beratung\/\" target=\"_self\" >Social counselling<\/a><\/h2>\n\n<div class=\"wp-block-post-excerpt\"><p class=\"wp-block-post-excerpt__excerpt\">Die Zeit des Studiums ist eine Zeit der Umbr\u00fcche und ein Neustart in ein eigenst\u00e4ndiges Leben in einer neuen Stadt und einer eigenen Wohnung. Weg<\/p><p class=\"wp-block-post-excerpt__more-text\"><a class=\"wp-block-post-excerpt__more-link\" href=\"https:\/\/khgkoeln.de\/en\/soziale-beratung\/\"><br>&gt; Weiterlesen<\/a><\/p><\/div><\/div>\n<\/div>\n\n<\/li><\/ul><\/div>\n\n\n\n<h2 class=\"wp-block-heading\">F\u00f6rderwerke und Stipendien<\/h2>\n\n\n\n<div class=\"wp-block-query is-layout-flow wp-block-query-is-layout-flow\"><ul class=\"wp-block-post-template is-layout-flow wp-block-post-template-is-layout-flow\"><li class=\"wp-block-post post-1825 post type-post status-publish format-standard has-post-thumbnail hentry category-beitrag category-foerderwerke-stipendien\">\n\n<div class=\"wp-block-columns alignwide blocklist hellblau is-layout-flex wp-container-core-columns-is-layout-9d6595d7 wp-block-columns-is-layout-flex\">\n<div class=\"wp-block-column is-layout-flow wp-block-column-is-layout-flow\" style=\"flex-basis:75%\"><h2 class=\"wp-block-post-title\"><a href=\"https:\/\/khgkoeln.de\/en\/cusanuswerk\/\" target=\"_self\" >Cusanuswerk<\/a><\/h2>\n\n<div class=\"wp-block-post-excerpt\"><p class=\"wp-block-post-excerpt__excerpt\">Die Bisch\u00f6fliche Studienf\u00f6rderung&nbsp;Cusanuswerk&nbsp;f\u00f6rdert begabte katholische Studierende und Promovierende aller Studienrichtungen \u2013 ideell und finanziell. Bewerber:innen zur F\u00f6rderung werden von der jeweiligen Schule, von Hochschuldozent:innen oder<\/p><p class=\"wp-block-post-excerpt__more-text\"><a class=\"wp-block-post-excerpt__more-link\" href=\"https:\/\/khgkoeln.de\/en\/cusanuswerk\/\"><br>&gt; Weiterlesen<\/a><\/p><\/div><\/div>\n<\/div>\n\n<\/li><li class=\"wp-block-post post-1829 post type-post status-publish format-standard has-post-thumbnail hentry category-beitrag category-foerderwerke-stipendien\">\n\n<div class=\"wp-block-columns alignwide blocklist hellblau is-layout-flex wp-container-core-columns-is-layout-9d6595d7 wp-block-columns-is-layout-flex\">\n<div class=\"wp-block-column is-layout-flow wp-block-column-is-layout-flow\" style=\"flex-basis:75%\"><h2 class=\"wp-block-post-title\"><a href=\"https:\/\/khgkoeln.de\/en\/katholischer-akademischer-auslaenderdienst\/\" target=\"_self\" >Katholischer Akademischer Ausl\u00e4nderdienst<\/a><\/h2>\n\n<div class=\"wp-block-post-excerpt\"><p class=\"wp-block-post-excerpt__excerpt\">Der&nbsp;KAAD&nbsp;ist das Stipendienwerk der deutschen katholischen Kirche f\u00fcr Postgraduierte und Wissenschaftler:innen aus (Entwicklungs-) L\u00e4ndern Asiens, Afrikas, Lateinamerikas, des Nahen und Mittleren Ostens sowie Ost- und<\/p><p class=\"wp-block-post-excerpt__more-text\"><a class=\"wp-block-post-excerpt__more-link\" href=\"https:\/\/khgkoeln.de\/en\/katholischer-akademischer-auslaenderdienst\/\"><br>&gt; Weiterlesen<\/a><\/p><\/div><\/div>\n<\/div>\n\n<\/li><\/ul><\/div>","protected":false},"excerpt":{"rendered":"<p>F\u00f6rderwerke und Stipendien<\/p>","protected":false},"author":1,"featured_media":0,"parent":0,"menu_order":4,"comment_status":"closed","ping_status":"closed","template":"","meta":{"ngg_post_thumbnail":0,"footnotes":""},"class_list":["post-5476","page","type-page","status-publish","hentry"],"_links":{"self":[{"href":"https:\/\/khgkoeln.de\/en\/wp-json\/wp\/v2\/pages\/5476","targetHints":{"allow":["GET"]}}],"collection":[{"href":"https:\/\/khgkoeln.de\/en\/wp-json\/wp\/v2\/pages"}],"about":[{"href":"https:\/\/khgkoeln.de\/en\/wp-json\/wp\/v2\/types\/page"}],"author":[{"embeddable":true,"href":"https:\/\/khgkoeln.de\/en\/wp-json\/wp\/v2\/users\/1"}],"replies":[{"embeddable":true,"href":"https:\/\/khgkoeln.de\/en\/wp-json\/wp\/v2\/comments?post=5476"}],"version-history":[{"count":4,"href":"https:\/\/khgkoeln.de\/en\/wp-json\/wp\/v2\/pages\/5476\/revisions"}],"predecessor-version":[{"id":5488,"href":"https:\/\/khgkoeln.de\/en\/wp-json\/wp\/v2\/pages\/5476\/revisions\/5488"}],"wp:attachment":[{"href":"https:\/\/khgkoeln.de\/en\/wp-json\/wp\/v2\/media?parent=5476"}],"curies":[{"name":"wp","href":"https:\/\/api.w.org\/{rel}","templated":true}]}}